{"id":270,"date":"2023-12-01T09:48:04","date_gmt":"2023-12-01T08:48:04","guid":{"rendered":"https:\/\/dyrektorzy.oeiizk.waw.pl\/2023\/?page_id=270"},"modified":"2023-12-02T16:57:21","modified_gmt":"2023-12-02T15:57:21","slug":"program-edycja-mlawa-15-12-2023","status":"publish","type":"page","link":"https:\/\/dyrektorzy.oeiizk.waw.pl\/2023\/program-edycja-mlawa-15-12-2023\/","title":{"rendered":"Program (Edycja M\u0142awa, 15.12.2023)"},"content":{"rendered":"\n<blockquote class=\"wp-block-quote is-layout-flow wp-block-quote-is-layout-flow\">\n<p><strong>>> <a href=\"https:\/\/dyrektorzy.oeiizk.waw.pl\/2023\/2023\/08\/31\/rejestracja-zamknieta\/\">Zarejestruj si\u0119 na konferencj\u0119.<\/a><\/strong><\/p>\n\n\n\n<p><strong>Programy edycji, kt\u00f3re ju\u017c si\u0119 odby\u0142y<br><\/strong><a href=\"https:\/\/dyrektorzy.oeiizk.waw.pl\/2023\/program\/\">Zobacz program konferencji &#8211; edycja Warszawa, 20.09.2023<\/a><br><a href=\"https:\/\/dyrektorzy.oeiizk.waw.pl\/2023\/program-edycja-bialobrzegi-4-10-2023\/\">Zobacz program konferencji &#8211; edycja Bia\u0142obrzegi, 4.10.2023<\/a><\/p>\n<\/blockquote>\n\n\n\n<figure class=\"wp-block-table\"><table><tbody><tr><td><strong>11:00<\/strong><\/td><td><strong>Rejestracja uczestnik\u00f3w<\/strong> (Akademickie Centrum Kszta\u0142cenia przy Pa\u0144stwowej Uczelni Zawodowej przy ul. Warszawskiej 52 w M\u0142awie), zwiedzanie stoisk partner\u00f3w<\/td><\/tr><tr><td><strong>11:30<\/strong><\/td><td><strong>Rozpocz\u0119cie konferencji<\/strong><\/td><\/tr><tr><td>11:40<\/td><td><em><a href=\"https:\/\/dyrektorzy.oeiizk.waw.pl\/2023\/2023\/08\/16\/sztuczna-inteligencja-czyli-wirtualny-asystent-dla-kazdego-dyrektora-nauczyciela-i-ucznia\/\">Sztuczna inteligencja, czyli wirtualny asystent dla ka\u017cdego dyrektora, nauczyciela i ucznia<\/a><\/em><br>Prowadz\u0105cy: Janusz S. Wierzbicki<\/td><\/tr><tr><td>12:10<\/td><td><em><a href=\"https:\/\/dyrektorzy.oeiizk.waw.pl\/2023\/2023\/08\/16\/algorytmika-dla-kazdego\/\">Algorytmika dla ka\u017cdego<\/a><\/em><br>Prowadz\u0105cy: Maciej Borowiecki, Anna Grzybowska<\/td><\/tr><tr><td>12:30<\/td><td><a href=\"https:\/\/dyrektorzy.oeiizk.waw.pl\/2023\/2023\/08\/16\/laptop-dla-4-klasisty-i-nauczyciela\/\"><em>Laptop dla 4-klasisty i nauczyciela<\/em><\/a><br>Prowadz\u0105cy: Bart\u0142omiej Krowiak<\/td><\/tr><tr><td>12:45<\/td><td><strong>Przerwa na kaw\u0119, zwiedzanie stoisk partner\u00f3w <\/strong><\/td><\/tr><tr><td>13:15<\/td><td><em><a href=\"https:\/\/dyrektorzy.oeiizk.waw.pl\/2023\/2023\/08\/16\/kreatywne-wykorzystanie-zasobow-projektu-laboratoria-przyszlosci\/\">Kreatywne wykorzystanie zasob\u00f3w projektu Laboratoria przysz\u0142o\u015bci<\/a><\/em><br>Prowadz\u0105cy: Bart\u0142omiej Krowiak, Marcin Pawlik&nbsp;<\/td><\/tr><tr><td>13:35<\/td><td><em><a href=\"https:\/\/dyrektorzy.oeiizk.waw.pl\/2023\/2023\/08\/16\/steam-a-aranzacja-przestrzeni-edukacyjnej\/\">STEAM a aran\u017cacja przestrzeni edukacyjnej<\/a><\/em><br>Prowadz\u0105ce: Anna Grzybowska, Justyna Kami\u0144ska <\/td><\/tr><tr><td>13:50<\/td><td><em><a href=\"https:\/\/dyrektorzy.oeiizk.waw.pl\/2023\/2023\/08\/16\/szkola-4-0-organizacja-i-promocja-nowoczesnej-placowki\/\">Szko\u0142a 4.0 \u2013 organizacja i promocja nowoczesnej plac\u00f3wki<\/a><\/em><br>Prowadz\u0105ce: Dorota Janczak, Beata Rz\u0105ca<\/td><\/tr><tr><td>14:05<\/td><td><a href=\"https:\/\/dyrektorzy.oeiizk.waw.pl\/2023\/2023\/08\/16\/edukacja-wlaczajaca-budujemy-relacje\/\"><em>Edukacja w\u0142\u0105czaj\u0105ca \u2013 budujemy relacje<\/em> <\/a><br>Prowadz\u0105ce: El\u017cbieta Pry\u0142owska-Nowak, Renata Rudnicka&nbsp;<\/td><\/tr><tr><td><strong>14:20<\/strong><\/td><td><strong>Zako\u0144czenie konferencji<\/strong><\/td><\/tr><tr><td><strong>14:30<\/strong><\/td><td><strong>Zwiedzanie stoisk partner\u00f3w <\/strong><\/td><\/tr><\/tbody><\/table><\/figure>\n\n\n\n<p><strong>>> <a href=\"https:\/\/dyrektorzy.oeiizk.waw.pl\/2023\/2023\/08\/31\/rejestracja-zamknieta\/\">Zarejestruj si\u0119 na konferencj\u0119.<\/a><\/strong><\/p>\n","protected":false},"excerpt":{"rendered":"<p>>> Zarejestruj si\u0119 na konferencj\u0119. Programy edycji, kt\u00f3re ju\u017c si\u0119 odby\u0142yZobacz program konferencji &#8211; edycja Warszawa, 20.09.2023Zobacz program konferencji &#8211; edycja Bia\u0142obrzegi, 4.10.2023 11:00 Rejestracja uczestnik\u00f3w (Akademickie Centrum Kszta\u0142cenia przy Pa\u0144stwowej Uczelni Zawodowej przy ul. Warszawskiej 52 w M\u0142awie), zwiedzanie stoisk partner\u00f3w 11:30 Rozpocz\u0119cie konferencji 11:40 Sztuczna inteligencja, czyli wirtualny asystent dla ka\u017cdego dyrektora, nauczyciela [&hellip;]<\/p>\n","protected":false},"author":1,"featured_media":0,"parent":0,"menu_order":0,"comment_status":"closed","ping_status":"closed","template":"","meta":{"footnotes":""},"class_list":["post-270","page","type-page","status-publish","hentry"],"_links":{"self":[{"href":"https:\/\/dyrektorzy.oeiizk.waw.pl\/2023\/wp-json\/wp\/v2\/pages\/270","targetHints":{"allow":["GET"]}}],"collection":[{"href":"https:\/\/dyrektorzy.oeiizk.waw.pl\/2023\/wp-json\/wp\/v2\/pages"}],"about":[{"href":"https:\/\/dyrektorzy.oeiizk.waw.pl\/2023\/wp-json\/wp\/v2\/types\/page"}],"author":[{"embeddable":true,"href":"https:\/\/dyrektorzy.oeiizk.waw.pl\/2023\/wp-json\/wp\/v2\/users\/1"}],"replies":[{"embeddable":true,"href":"https:\/\/dyrektorzy.oeiizk.waw.pl\/2023\/wp-json\/wp\/v2\/comments?post=270"}],"version-history":[{"count":5,"href":"https:\/\/dyrektorzy.oeiizk.waw.pl\/2023\/wp-json\/wp\/v2\/pages\/270\/revisions"}],"predecessor-version":[{"id":278,"href":"https:\/\/dyrektorzy.oeiizk.waw.pl\/2023\/wp-json\/wp\/v2\/pages\/270\/revisions\/278"}],"wp:attachment":[{"href":"https:\/\/dyrektorzy.oeiizk.waw.pl\/2023\/wp-json\/wp\/v2\/media?parent=270"}],"curies":[{"name":"wp","href":"https:\/\/api.w.org\/{rel}","templated":true}]}}